{"id":209,"date":"2020-08-23T22:57:34","date_gmt":"2020-08-23T20:57:34","guid":{"rendered":"http:\/\/wp.celine-gerny.fr\/?page_id=209"},"modified":"2020-09-20T19:03:04","modified_gmt":"2020-09-20T17:03:04","slug":"landiro","status":"publish","type":"page","link":"http:\/\/wp.celine-gerny.fr\/?page_id=209","title":{"rendered":"Landiro"},"content":{"rendered":"\n<div class=\"wp-block-media-text alignwide\"><figure class=\"wp-block-media-text__media\"><img decoding=\"async\" loading=\"lazy\" width=\"336\" height=\"337\" src=\"http:\/\/wp.celine-gerny.fr\/wp-content\/uploads\/2020\/08\/Landi.png\" alt=\"\" class=\"wp-image-180\" srcset=\"http:\/\/wp.celine-gerny.fr\/wp-content\/uploads\/2020\/08\/Landi.png 336w, http:\/\/wp.celine-gerny.fr\/wp-content\/uploads\/2020\/08\/Landi-300x300.png 300w, http:\/\/wp.celine-gerny.fr\/wp-content\/uploads\/2020\/08\/Landi-150x150.png 150w, http:\/\/wp.celine-gerny.fr\/wp-content\/uploads\/2020\/08\/Landi-100x100.png 100w\" sizes=\"(max-width: 336px) 100vw, 336px\" \/><\/figure><div class=\"wp-block-media-text__content\">\n<p><em>N\u00e9 le 17 avril 2009<\/em><\/p>\n\n\n\n<p><strong><em>Naisseur&nbsp;: Friedhleim Gravemeier<\/em><\/strong><\/p>\n\n\n\n<p><strong><em>Propri\u00e9taire\u00a0: Mme. Sophie Gelard Bartolo<\/em><\/strong><\/p>\n\n\n\n<p>Notre plus belle performance : 5\u00e8me place aux Championnats d&rsquo;Europe de G\u00f6teborg (2017)<\/p>\n<\/div><\/div>\n\n\n\n<p>Landiro est la douceur et la gentillesse incarn\u00e9e. Il a cette incroyable capacit\u00e9 \u00e0 rester dans sa bulle pour ne pas se laisser perturber par les tumultes ext\u00e9rieurs ce qui en fait un partenaire en lequel on peut placer toute sa confiance. En plus de son mental exceptionnel, c&rsquo;est aussi un cheval tr\u00e8s appliqu\u00e9 dans son travail qui a tout de suite int\u00e9gr\u00e9 les codes du para-dressage malgr\u00e9 son jeune \u00e2ge (7 ans lors de notre rencontre). Un surdou\u00e9 en quelque sorte !<\/p>\n\n\n\n<p>N\u00e9 et mis au travail en Allemagne, Landiro pr\u00e9sente les pr\u00e9dispositions physiques et mentales qui font un excellent cheval de para-dressage.<\/p>\n\n\n\n<p>Son histoire est toute particuli\u00e8re pour moi puisque sa rencontre repr\u00e9sente aussi pour moi le d\u00e9but d&rsquo;une belle histoire avec sa propri\u00e9taire, Sophie Gelard Bartolo qui l&rsquo;a acquis en novembre 2016. A cette \u00e9poque, revenue des Jeux Paralympiques de Rio, je me retrouve sans monture (Flint \u00e9tant retourn\u00e9 chez sa propri\u00e9taire Louise Studer). Sophie vient alors me proposer de monter avec elle Landiro avec lequel elle ambitionne de rejoindre l&rsquo;\u00e9quipe de France de para-dressage en Grade IV.<\/p>\n\n\n\n<p>Depuis cette date, l&rsquo;histoire de Landiro n&rsquo;a cess\u00e9 d&rsquo;\u00eatre belle et couronn\u00e9e de succ\u00e8s. Tout d&rsquo;abord lorsqu&rsquo;il permis \u00e0 Sophie d&rsquo;obtenir une place au sein du groupe France lors du stage de d\u00e9tection organis\u00e9 en fin d&rsquo;ann\u00e9e 2016. Puis sous ma selle lors de la saison 2017 au cours de laquelle il a pu prendre de l&rsquo;exp\u00e9rience en comp\u00e9tition sur le circuit international avec comme point d&rsquo;orgue les Championnats d&rsquo;Europe \u00e0 G\u00f6teborg en Su\u00e8de au mois d&rsquo;Ao\u00fbt 2017. Parall\u00e8lement, Sophie et Landiro ont aussi fait leurs premiers pas ensemble en comp\u00e9tition.<\/p>\n\n\n\n<p>Aujourd&rsquo;hui Landiro poursuit son histoire sous la selle de sa propri\u00e9taire.<\/p>\n\n\n\n<div class=\"wp-block-image\"><figure class=\"aligncenter size-large\"><img decoding=\"async\" loading=\"lazy\" width=\"448\" height=\"299\" src=\"http:\/\/wp.celine-gerny.fr\/wp-content\/uploads\/2020\/08\/ce-goteborg-2.jpg\" alt=\"\" class=\"wp-image-210\" srcset=\"http:\/\/wp.celine-gerny.fr\/wp-content\/uploads\/2020\/08\/ce-goteborg-2.jpg 448w, http:\/\/wp.celine-gerny.fr\/wp-content\/uploads\/2020\/08\/ce-goteborg-2-300x200.jpg 300w\" sizes=\"(max-width: 448px) 100vw, 448px\" \/><\/figure><\/div>\n","protected":false},"excerpt":{"rendered":"<p>N\u00e9 le 17 avril 2009 Naisseur&nbsp;: Friedhleim Gravemeier Propri\u00e9taire\u00a0: Mme. Sophie Gelard Bartolo Notre plus belle performance : 5\u00e8me place aux Championnats d&rsquo;Europe de G\u00f6teborg (2017) Landiro est la douceur et la gentillesse incarn\u00e9e. Il a cette incroyable capacit\u00e9 \u00e0 rester dans sa bulle pour ne pas se laisser perturber par les tumultes ext\u00e9rieurs ce &hellip; <\/p>\n<p class=\"link-more\"><a href=\"http:\/\/wp.celine-gerny.fr\/?page_id=209\" class=\"more-link\">Continuer la lecture<span class=\"screen-reader-text\"> de &laquo;&nbsp;Landiro&nbsp;&raquo;<\/span><\/a><\/p>\n","protected":false},"author":2,"featured_media":0,"parent":0,"menu_order":0,"comment_status":"closed","ping_status":"closed","template":"","meta":[],"_links":{"self":[{"href":"http:\/\/wp.celine-gerny.fr\/index.php?rest_route=\/wp\/v2\/pages\/209"}],"collection":[{"href":"http:\/\/wp.celine-gerny.fr\/index.php?rest_route=\/wp\/v2\/pages"}],"about":[{"href":"http:\/\/wp.celine-gerny.fr\/index.php?rest_route=\/wp\/v2\/types\/page"}],"author":[{"embeddable":true,"href":"http:\/\/wp.celine-gerny.fr\/index.php?rest_route=\/wp\/v2\/users\/2"}],"replies":[{"embeddable":true,"href":"http:\/\/wp.celine-gerny.fr\/index.php?rest_route=%2Fwp%2Fv2%2Fcomments&post=209"}],"version-history":[{"count":2,"href":"http:\/\/wp.celine-gerny.fr\/index.php?rest_route=\/wp\/v2\/pages\/209\/revisions"}],"predecessor-version":[{"id":307,"href":"http:\/\/wp.celine-gerny.fr\/index.php?rest_route=\/wp\/v2\/pages\/209\/revisions\/307"}],"wp:attachment":[{"href":"http:\/\/wp.celine-gerny.fr\/index.php?rest_route=%2Fwp%2Fv2%2Fmedia&parent=209"}],"curies":[{"name":"wp","href":"https:\/\/api.w.org\/{rel}","templated":true}]}}